{"id":149,"date":"2022-11-21T13:00:15","date_gmt":"2022-11-21T12:00:15","guid":{"rendered":"http:\/\/atelierantoinebataille.fr\/?page_id=149"},"modified":"2026-03-29T10:46:17","modified_gmt":"2026-03-29T08:46:17","slug":"accueil","status":"publish","type":"page","link":"https:\/\/atelierantoinebataille.fr\/","title":{"rendered":""},"content":{"rendered":"\n<div style=\"height:0px\" aria-hidden=\"true\" class=\"wp-block-spacer\"><\/div>\n\n\n\n<div class=\"wp-block-columns is-layout-flex wp-container-core-columns-is-layout-9d6595d7 wp-block-columns-is-layout-flex\">\n<div class=\"wp-block-column is-layout-flow wp-block-column-is-layout-flow\">\n<div class=\"wp-block-cover is-light\"><img loading=\"lazy\" decoding=\"async\" width=\"729\" height=\"1024\" class=\"wp-block-cover__image-background wp-image-1298 size-large\" alt=\"\" src=\"https:\/\/atelierantoinebataille.fr\/wp-content\/uploads\/2025\/12\/CARNET-2-DESSIN-6-729x1024.jpg\" data-object-fit=\"cover\" srcset=\"https:\/\/atelierantoinebataille.fr\/wp-content\/uploads\/2025\/12\/CARNET-2-DESSIN-6-729x1024.jpg 729w, https:\/\/atelierantoinebataille.fr\/wp-content\/uploads\/2025\/12\/CARNET-2-DESSIN-6-214x300.jpg 214w, https:\/\/atelierantoinebataille.fr\/wp-content\/uploads\/2025\/12\/CARNET-2-DESSIN-6-768x1079.jpg 768w, https:\/\/atelierantoinebataille.fr\/wp-content\/uploads\/2025\/12\/CARNET-2-DESSIN-6-1093x1536.jpg 1093w, https:\/\/atelierantoinebataille.fr\/wp-content\/uploads\/2025\/12\/CARNET-2-DESSIN-6-1458x2048.jpg 1458w, https:\/\/atelierantoinebataille.fr\/wp-content\/uploads\/2025\/12\/CARNET-2-DESSIN-6-scaled.jpg 1822w\" sizes=\"auto, (max-width: 729px) 100vw, 729px\" \/><span aria-hidden=\"true\" class=\"wp-block-cover__background has-white-background-color has-background-dim-60 has-background-dim\"><\/span><div class=\"wp-block-cover__inner-container is-layout-flow wp-block-cover-is-layout-flow\">\n<p class=\"has-text-align-center has-medium-font-size\" style=\"font-style:normal;font-weight:900\"><a href=\"https:\/\/atelierantoinebataille.fr\/index.php\/bienvenue\/la-nuit\/\">La nuit<\/a><\/p>\n<\/div><\/div>\n<\/div>\n\n\n\n<div class=\"wp-block-column is-layout-flow wp-block-column-is-layout-flow\">\n<div class=\"wp-block-cover is-light\"><img loading=\"lazy\" decoding=\"async\" width=\"729\" height=\"1024\" class=\"wp-block-cover__image-background wp-image-936\" alt=\"\" src=\"https:\/\/atelierantoinebataille.fr\/wp-content\/uploads\/2024\/06\/VAPEUR-1-729x1024.jpg\" data-object-fit=\"cover\" srcset=\"https:\/\/atelierantoinebataille.fr\/wp-content\/uploads\/2024\/06\/VAPEUR-1-729x1024.jpg 729w, https:\/\/atelierantoinebataille.fr\/wp-content\/uploads\/2024\/06\/VAPEUR-1-214x300.jpg 214w, https:\/\/atelierantoinebataille.fr\/wp-content\/uploads\/2024\/06\/VAPEUR-1-768x1079.jpg 768w, https:\/\/atelierantoinebataille.fr\/wp-content\/uploads\/2024\/06\/VAPEUR-1-1094x1536.jpg 1094w, https:\/\/atelierantoinebataille.fr\/wp-content\/uploads\/2024\/06\/VAPEUR-1-1458x2048.jpg 1458w, https:\/\/atelierantoinebataille.fr\/wp-content\/uploads\/2024\/06\/VAPEUR-1.jpg 1772w\" sizes=\"auto, (max-width: 729px) 100vw, 729px\" \/><span aria-hidden=\"true\" class=\"wp-block-cover__background has-white-background-color has-background-dim-60 has-background-dim\"><\/span><div class=\"wp-block-cover__inner-container is-layout-flow wp-block-cover-is-layout-flow\">\n<p class=\"has-text-align-center has-medium-font-size\" style=\"font-style:normal;font-weight:700\"><a href=\"https:\/\/atelierantoinebataille.fr\/index.php\/bienvenue\/espaces-vaporeux\/\">Espaces vaporeux<\/a><\/p>\n<\/div><\/div>\n<\/div>\n\n\n\n<div class=\"wp-block-column is-layout-flow wp-block-column-is-layout-flow\">\n<div class=\"wp-block-cover is-light has-medium-font-size wp-duotone-unset-1\"><img loading=\"lazy\" decoding=\"async\" width=\"731\" height=\"1024\" class=\"wp-block-cover__image-background wp-image-1002\" alt=\"\" src=\"https:\/\/atelierantoinebataille.fr\/wp-content\/uploads\/2024\/12\/LIGURIE-6-731x1024.jpg\" style=\"object-position:50% 5%\" data-object-fit=\"cover\" data-object-position=\"50% 5%\" srcset=\"https:\/\/atelierantoinebataille.fr\/wp-content\/uploads\/2024\/12\/LIGURIE-6-731x1024.jpg 731w, https:\/\/atelierantoinebataille.fr\/wp-content\/uploads\/2024\/12\/LIGURIE-6-214x300.jpg 214w, https:\/\/atelierantoinebataille.fr\/wp-content\/uploads\/2024\/12\/LIGURIE-6-768x1075.jpg 768w, https:\/\/atelierantoinebataille.fr\/wp-content\/uploads\/2024\/12\/LIGURIE-6-1097x1536.jpg 1097w, https:\/\/atelierantoinebataille.fr\/wp-content\/uploads\/2024\/12\/LIGURIE-6-1463x2048.jpg 1463w, https:\/\/atelierantoinebataille.fr\/wp-content\/uploads\/2024\/12\/LIGURIE-6-scaled.jpg 1829w\" sizes=\"auto, (max-width: 731px) 100vw, 731px\" \/><span aria-hidden=\"true\" class=\"wp-block-cover__background has-white-background-color has-background-dim-60 has-background-dim\"><\/span><div class=\"wp-block-cover__inner-container is-layout-flow wp-block-cover-is-layout-flow\">\n<p class=\"has-text-align-center has-medium-font-size\" style=\"font-style:normal;font-weight:900\"><a href=\"https:\/\/atelierantoinebataille.fr\/index.php\/bienvenue\/ligurie-brumeuse\/\">Ligurie brumeuse<\/a><\/p>\n<\/div><\/div>\n<\/div>\n<\/div>\n\n\n\n<div style=\"height:100px\" aria-hidden=\"true\" class=\"wp-block-spacer\"><\/div>\n\n\n\n<p class=\"has-text-align-center\"><strong>Derni\u00e8rement :<\/strong><\/p>\n\n\n\n<p><\/p>\n\n\n\n<figure class=\"wp-block-image size-large\"><img loading=\"lazy\" decoding=\"async\" width=\"1024\" height=\"414\" src=\"https:\/\/atelierantoinebataille.fr\/wp-content\/uploads\/2026\/03\/IMG-POUR-SITE-1-1024x414.jpg\" alt=\"\" class=\"wp-image-1469\" srcset=\"https:\/\/atelierantoinebataille.fr\/wp-content\/uploads\/2026\/03\/IMG-POUR-SITE-1-1024x414.jpg 1024w, https:\/\/atelierantoinebataille.fr\/wp-content\/uploads\/2026\/03\/IMG-POUR-SITE-1-300x121.jpg 300w, https:\/\/atelierantoinebataille.fr\/wp-content\/uploads\/2026\/03\/IMG-POUR-SITE-1-768x311.jpg 768w, https:\/\/atelierantoinebataille.fr\/wp-content\/uploads\/2026\/03\/IMG-POUR-SITE-1-1536x621.jpg 1536w, https:\/\/atelierantoinebataille.fr\/wp-content\/uploads\/2026\/03\/IMG-POUR-SITE-1-2048x828.jpg 2048w\" sizes=\"auto, (max-width: 1024px) 100vw, 1024px\" \/><\/figure>\n\n\n\n<p class=\"has-text-align-center has-small-font-size\"><strong><strong>EXPOSITION DU PRIX PIERRE DAVID-WEILL ACAD<strong>\u00c9<\/strong>MIE DES BEAUX-ARTS, PARIS &#8211; <\/strong>MARS-MAI 2026<\/strong><\/p>\n\n\n\n<div style=\"height:32px\" aria-hidden=\"true\" class=\"wp-block-spacer\"><\/div>\n\n\n\n<figure class=\"wp-block-image size-large\"><img loading=\"lazy\" decoding=\"async\" width=\"1024\" height=\"472\" src=\"https:\/\/atelierantoinebataille.fr\/wp-content\/uploads\/2026\/01\/LES-ARTS-DESSINES-1024x472.jpg\" alt=\"\" class=\"wp-image-1442\" srcset=\"https:\/\/atelierantoinebataille.fr\/wp-content\/uploads\/2026\/01\/LES-ARTS-DESSINES-1024x472.jpg 1024w, https:\/\/atelierantoinebataille.fr\/wp-content\/uploads\/2026\/01\/LES-ARTS-DESSINES-300x138.jpg 300w, https:\/\/atelierantoinebataille.fr\/wp-content\/uploads\/2026\/01\/LES-ARTS-DESSINES-768x354.jpg 768w, https:\/\/atelierantoinebataille.fr\/wp-content\/uploads\/2026\/01\/LES-ARTS-DESSINES-1536x708.jpg 1536w, https:\/\/atelierantoinebataille.fr\/wp-content\/uploads\/2026\/01\/LES-ARTS-DESSINES-2048x943.jpg 2048w\" sizes=\"auto, (max-width: 1024px) 100vw, 1024px\" \/><\/figure>\n\n\n\n<p class=\"has-text-align-center has-small-font-size\"><strong>PUBLICATION DANS <a href=\"https:\/\/dbdmag.fr\/les-arts-dessines\/\">LES ARTS DESSINES<\/a>  &#8211; JANV-MARS 2026<\/strong><\/p>\n\n\n\n<div style=\"height:32px\" aria-hidden=\"true\" class=\"wp-block-spacer\"><\/div>\n\n\n\n<figure class=\"wp-block-image size-large\"><img loading=\"lazy\" decoding=\"async\" width=\"1024\" height=\"557\" src=\"https:\/\/atelierantoinebataille.fr\/wp-content\/uploads\/2025\/12\/EXPO-AVEC-GENS-1024x557.jpg\" alt=\"\" class=\"wp-image-1328\" srcset=\"https:\/\/atelierantoinebataille.fr\/wp-content\/uploads\/2025\/12\/EXPO-AVEC-GENS-1024x557.jpg 1024w, https:\/\/atelierantoinebataille.fr\/wp-content\/uploads\/2025\/12\/EXPO-AVEC-GENS-300x163.jpg 300w, https:\/\/atelierantoinebataille.fr\/wp-content\/uploads\/2025\/12\/EXPO-AVEC-GENS-768x418.jpg 768w, https:\/\/atelierantoinebataille.fr\/wp-content\/uploads\/2025\/12\/EXPO-AVEC-GENS-1536x836.jpg 1536w, https:\/\/atelierantoinebataille.fr\/wp-content\/uploads\/2025\/12\/EXPO-AVEC-GENS-2048x1114.jpg 2048w\" sizes=\"auto, (max-width: 1024px) 100vw, 1024px\" \/><\/figure>\n\n\n\n<figure class=\"wp-block-image size-large\"><img loading=\"lazy\" decoding=\"async\" width=\"1024\" height=\"399\" src=\"https:\/\/atelierantoinebataille.fr\/wp-content\/uploads\/2025\/06\/ESTIVAL-2-1024x399.jpg\" alt=\"\" class=\"wp-image-1115\" srcset=\"https:\/\/atelierantoinebataille.fr\/wp-content\/uploads\/2025\/06\/ESTIVAL-2-1024x399.jpg 1024w, https:\/\/atelierantoinebataille.fr\/wp-content\/uploads\/2025\/06\/ESTIVAL-2-300x117.jpg 300w, https:\/\/atelierantoinebataille.fr\/wp-content\/uploads\/2025\/06\/ESTIVAL-2-768x299.jpg 768w, https:\/\/atelierantoinebataille.fr\/wp-content\/uploads\/2025\/06\/ESTIVAL-2-1536x598.jpg 1536w, https:\/\/atelierantoinebataille.fr\/wp-content\/uploads\/2025\/06\/ESTIVAL-2-2048x797.jpg 2048w\" sizes=\"auto, (max-width: 1024px) 100vw, 1024px\" \/><\/figure>\n\n\n\n<figure class=\"wp-block-image size-large\"><img loading=\"lazy\" decoding=\"async\" width=\"1024\" height=\"399\" src=\"https:\/\/atelierantoinebataille.fr\/wp-content\/uploads\/2025\/06\/ESTIVAL-1-1024x399.jpg\" alt=\"\" class=\"wp-image-1120\" srcset=\"https:\/\/atelierantoinebataille.fr\/wp-content\/uploads\/2025\/06\/ESTIVAL-1-1024x399.jpg 1024w, https:\/\/atelierantoinebataille.fr\/wp-content\/uploads\/2025\/06\/ESTIVAL-1-300x117.jpg 300w, https:\/\/atelierantoinebataille.fr\/wp-content\/uploads\/2025\/06\/ESTIVAL-1-768x299.jpg 768w, https:\/\/atelierantoinebataille.fr\/wp-content\/uploads\/2025\/06\/ESTIVAL-1-1536x598.jpg 1536w, https:\/\/atelierantoinebataille.fr\/wp-content\/uploads\/2025\/06\/ESTIVAL-1-2048x797.jpg 2048w\" sizes=\"auto, (max-width: 1024px) 100vw, 1024px\" \/><\/figure>\n\n\n\n<p class=\"has-text-align-center has-small-font-size\"><strong>PARTICIPATION AUX FESTIVAL D&rsquo;ART CONTEMPORAIN, ESTIVALES, SCEAUX &#8211; JUIN-SEPTEMBRE 2025<\/strong><\/p>\n\n\n\n<div style=\"height:32px\" aria-hidden=\"true\" class=\"wp-block-spacer\"><\/div>\n\n\n\n<figure class=\"wp-block-image size-large\"><img loading=\"lazy\" decoding=\"async\" width=\"1024\" height=\"639\" src=\"https:\/\/atelierantoinebataille.fr\/wp-content\/uploads\/2025\/06\/PHOTO-AVEC-DES-GENS-1024x639.jpg\" alt=\"\" class=\"wp-image-1110\" srcset=\"https:\/\/atelierantoinebataille.fr\/wp-content\/uploads\/2025\/06\/PHOTO-AVEC-DES-GENS-1024x639.jpg 1024w, https:\/\/atelierantoinebataille.fr\/wp-content\/uploads\/2025\/06\/PHOTO-AVEC-DES-GENS-300x187.jpg 300w, https:\/\/atelierantoinebataille.fr\/wp-content\/uploads\/2025\/06\/PHOTO-AVEC-DES-GENS-768x479.jpg 768w, https:\/\/atelierantoinebataille.fr\/wp-content\/uploads\/2025\/06\/PHOTO-AVEC-DES-GENS-1536x958.jpg 1536w, https:\/\/atelierantoinebataille.fr\/wp-content\/uploads\/2025\/06\/PHOTO-AVEC-DES-GENS-2048x1278.jpg 2048w\" sizes=\"auto, (max-width: 1024px) 100vw, 1024px\" \/><\/figure>\n\n\n\n<figure class=\"wp-block-image size-large\"><img loading=\"lazy\" decoding=\"async\" width=\"1024\" height=\"639\" src=\"https:\/\/atelierantoinebataille.fr\/wp-content\/uploads\/2025\/06\/PHOTO-EXPOSITION-1024x639.jpg\" alt=\"\" class=\"wp-image-1111\" srcset=\"https:\/\/atelierantoinebataille.fr\/wp-content\/uploads\/2025\/06\/PHOTO-EXPOSITION-1024x639.jpg 1024w, https:\/\/atelierantoinebataille.fr\/wp-content\/uploads\/2025\/06\/PHOTO-EXPOSITION-300x187.jpg 300w, https:\/\/atelierantoinebataille.fr\/wp-content\/uploads\/2025\/06\/PHOTO-EXPOSITION-768x479.jpg 768w, https:\/\/atelierantoinebataille.fr\/wp-content\/uploads\/2025\/06\/PHOTO-EXPOSITION-1536x958.jpg 1536w, https:\/\/atelierantoinebataille.fr\/wp-content\/uploads\/2025\/06\/PHOTO-EXPOSITION-2048x1278.jpg 2048w\" sizes=\"auto, (max-width: 1024px) 100vw, 1024px\" \/><\/figure>\n\n\n\n<figure class=\"wp-block-image size-large\"><img loading=\"lazy\" decoding=\"async\" width=\"1024\" height=\"360\" src=\"https:\/\/atelierantoinebataille.fr\/wp-content\/uploads\/2025\/06\/CARTON-MEP-1024x360.jpg\" alt=\"\" class=\"wp-image-1109\" srcset=\"https:\/\/atelierantoinebataille.fr\/wp-content\/uploads\/2025\/06\/CARTON-MEP-1024x360.jpg 1024w, https:\/\/atelierantoinebataille.fr\/wp-content\/uploads\/2025\/06\/CARTON-MEP-300x105.jpg 300w, https:\/\/atelierantoinebataille.fr\/wp-content\/uploads\/2025\/06\/CARTON-MEP-768x270.jpg 768w, https:\/\/atelierantoinebataille.fr\/wp-content\/uploads\/2025\/06\/CARTON-MEP-1536x540.jpg 1536w, https:\/\/atelierantoinebataille.fr\/wp-content\/uploads\/2025\/06\/CARTON-MEP-2048x720.jpg 2048w\" sizes=\"auto, (max-width: 1024px) 100vw, 1024px\" \/><\/figure>\n\n\n\n<p class=\"has-text-align-center has-small-font-size\"><strong>EXPOSITION PERSONNELLE GALERIE AKIE ARICHI, PARIS &#8211; JUIN-SEPTEMBRE 2025<\/strong><\/p>\n\n\n\n<div style=\"height:32px\" aria-hidden=\"true\" class=\"wp-block-spacer\"><\/div>\n\n\n\n<p class=\"has-text-align-center\"><\/p>\n\n\n\n<div class=\"wp-block-columns is-layout-flex wp-container-core-columns-is-layout-9d6595d7 wp-block-columns-is-layout-flex\">\n<div class=\"wp-block-column is-layout-flow wp-block-column-is-layout-flow\">\n<figure class=\"wp-block-image size-large\"><img loading=\"lazy\" decoding=\"async\" width=\"729\" height=\"1024\" src=\"https:\/\/atelierantoinebataille.fr\/wp-content\/uploads\/2025\/06\/COUV-LIEUX-DE-PASSAGES-729x1024.jpg\" alt=\"\" class=\"wp-image-1151\" srcset=\"https:\/\/atelierantoinebataille.fr\/wp-content\/uploads\/2025\/06\/COUV-LIEUX-DE-PASSAGES-729x1024.jpg 729w, https:\/\/atelierantoinebataille.fr\/wp-content\/uploads\/2025\/06\/COUV-LIEUX-DE-PASSAGES-214x300.jpg 214w, https:\/\/atelierantoinebataille.fr\/wp-content\/uploads\/2025\/06\/COUV-LIEUX-DE-PASSAGES-768x1079.jpg 768w, https:\/\/atelierantoinebataille.fr\/wp-content\/uploads\/2025\/06\/COUV-LIEUX-DE-PASSAGES-1093x1536.jpg 1093w, https:\/\/atelierantoinebataille.fr\/wp-content\/uploads\/2025\/06\/COUV-LIEUX-DE-PASSAGES-1458x2048.jpg 1458w, https:\/\/atelierantoinebataille.fr\/wp-content\/uploads\/2025\/06\/COUV-LIEUX-DE-PASSAGES-scaled.jpg 1822w\" sizes=\"auto, (max-width: 729px) 100vw, 729px\" \/><\/figure>\n<\/div>\n\n\n\n<div class=\"wp-block-column is-layout-flow wp-block-column-is-layout-flow\">\n<figure class=\"wp-block-image size-large\"><img loading=\"lazy\" decoding=\"async\" width=\"729\" height=\"1024\" src=\"https:\/\/atelierantoinebataille.fr\/wp-content\/uploads\/2025\/06\/MARCHE-DE-LA-POESIE-AFFIHCE-729x1024.jpg\" alt=\"\" class=\"wp-image-1113\" srcset=\"https:\/\/atelierantoinebataille.fr\/wp-content\/uploads\/2025\/06\/MARCHE-DE-LA-POESIE-AFFIHCE-729x1024.jpg 729w, https:\/\/atelierantoinebataille.fr\/wp-content\/uploads\/2025\/06\/MARCHE-DE-LA-POESIE-AFFIHCE-214x300.jpg 214w, https:\/\/atelierantoinebataille.fr\/wp-content\/uploads\/2025\/06\/MARCHE-DE-LA-POESIE-AFFIHCE-768x1079.jpg 768w, https:\/\/atelierantoinebataille.fr\/wp-content\/uploads\/2025\/06\/MARCHE-DE-LA-POESIE-AFFIHCE-1093x1536.jpg 1093w, https:\/\/atelierantoinebataille.fr\/wp-content\/uploads\/2025\/06\/MARCHE-DE-LA-POESIE-AFFIHCE-1458x2048.jpg 1458w, https:\/\/atelierantoinebataille.fr\/wp-content\/uploads\/2025\/06\/MARCHE-DE-LA-POESIE-AFFIHCE-scaled.jpg 1822w\" sizes=\"auto, (max-width: 729px) 100vw, 729px\" \/><\/figure>\n<\/div>\n\n\n\n<div class=\"wp-block-column is-layout-flow wp-block-column-is-layout-flow\">\n<figure class=\"wp-block-image size-large\"><img loading=\"lazy\" decoding=\"async\" width=\"729\" height=\"1024\" src=\"https:\/\/atelierantoinebataille.fr\/wp-content\/uploads\/2025\/06\/STAND-421-729x1024.jpg\" alt=\"\" class=\"wp-image-1114\" srcset=\"https:\/\/atelierantoinebataille.fr\/wp-content\/uploads\/2025\/06\/STAND-421-729x1024.jpg 729w, https:\/\/atelierantoinebataille.fr\/wp-content\/uploads\/2025\/06\/STAND-421-214x300.jpg 214w, https:\/\/atelierantoinebataille.fr\/wp-content\/uploads\/2025\/06\/STAND-421-768x1079.jpg 768w, https:\/\/atelierantoinebataille.fr\/wp-content\/uploads\/2025\/06\/STAND-421-1093x1536.jpg 1093w, https:\/\/atelierantoinebataille.fr\/wp-content\/uploads\/2025\/06\/STAND-421-1458x2048.jpg 1458w, https:\/\/atelierantoinebataille.fr\/wp-content\/uploads\/2025\/06\/STAND-421-scaled.jpg 1822w\" sizes=\"auto, (max-width: 729px) 100vw, 729px\" \/><\/figure>\n<\/div>\n<\/div>\n\n\n\n<p class=\"has-text-align-center has-small-font-size\"><strong>MARCH<strong>\u00c9<\/strong> DE LA PO<strong>\u00c9<\/strong>SIE, PARIS &#8211; JUIN 2025<\/strong><\/p>\n\n\n\n<div style=\"height:32px\" aria-hidden=\"true\" class=\"wp-block-spacer\"><\/div>\n\n\n\n<figure class=\"wp-block-image size-large\"><img loading=\"lazy\" decoding=\"async\" width=\"1024\" height=\"755\" src=\"https:\/\/atelierantoinebataille.fr\/wp-content\/uploads\/2025\/04\/EXPO-BA-4-NB-1024x755.jpg\" alt=\"\" class=\"wp-image-1075\" srcset=\"https:\/\/atelierantoinebataille.fr\/wp-content\/uploads\/2025\/04\/EXPO-BA-4-NB-1024x755.jpg 1024w, https:\/\/atelierantoinebataille.fr\/wp-content\/uploads\/2025\/04\/EXPO-BA-4-NB-300x221.jpg 300w, https:\/\/atelierantoinebataille.fr\/wp-content\/uploads\/2025\/04\/EXPO-BA-4-NB-768x566.jpg 768w, https:\/\/atelierantoinebataille.fr\/wp-content\/uploads\/2025\/04\/EXPO-BA-4-NB-1536x1132.jpg 1536w, https:\/\/atelierantoinebataille.fr\/wp-content\/uploads\/2025\/04\/EXPO-BA-4-NB-2048x1509.jpg 2048w\" sizes=\"auto, (max-width: 1024px) 100vw, 1024px\" \/><\/figure>\n\n\n\n<figure class=\"wp-block-image size-large\"><img loading=\"lazy\" decoding=\"async\" width=\"1024\" height=\"754\" src=\"https:\/\/atelierantoinebataille.fr\/wp-content\/uploads\/2025\/04\/EXPO-BA-2-NB-1024x754.jpg\" alt=\"\" class=\"wp-image-1077\" srcset=\"https:\/\/atelierantoinebataille.fr\/wp-content\/uploads\/2025\/04\/EXPO-BA-2-NB-1024x754.jpg 1024w, https:\/\/atelierantoinebataille.fr\/wp-content\/uploads\/2025\/04\/EXPO-BA-2-NB-300x221.jpg 300w, https:\/\/atelierantoinebataille.fr\/wp-content\/uploads\/2025\/04\/EXPO-BA-2-NB-768x565.jpg 768w, https:\/\/atelierantoinebataille.fr\/wp-content\/uploads\/2025\/04\/EXPO-BA-2-NB-1536x1131.jpg 1536w, https:\/\/atelierantoinebataille.fr\/wp-content\/uploads\/2025\/04\/EXPO-BA-2-NB-2048x1508.jpg 2048w\" sizes=\"auto, (max-width: 1024px) 100vw, 1024px\" \/><\/figure>\n\n\n\n<p class=\"has-text-align-center has-small-font-size\"><strong>EXPOSITION DU PRIX PIERRE DAVID-WEILL ACAD<strong>\u00c9<\/strong>MIE DES BEAUX-ARTS, PARIS &#8211; AVRIL 2025<\/strong><\/p>\n\n\n\n<div style=\"height:32px\" aria-hidden=\"true\" class=\"wp-block-spacer\"><\/div>\n\n\n\n<div class=\"wp-block-columns is-layout-flex wp-container-core-columns-is-layout-9d6595d7 wp-block-columns-is-layout-flex\">\n<div class=\"wp-block-column is-layout-flow wp-block-column-is-layout-flow\">\n<figure class=\"wp-block-image size-large\"><img loading=\"lazy\" decoding=\"async\" width=\"1526\" height=\"1525\" src=\"https:\/\/atelierantoinebataille.fr\/wp-content\/uploads\/2025\/04\/3-edited.jpg\" alt=\"\" class=\"wp-image-1096\" srcset=\"https:\/\/atelierantoinebataille.fr\/wp-content\/uploads\/2025\/04\/3-edited.jpg 1526w, https:\/\/atelierantoinebataille.fr\/wp-content\/uploads\/2025\/04\/3-edited-300x300.jpg 300w, https:\/\/atelierantoinebataille.fr\/wp-content\/uploads\/2025\/04\/3-edited-1024x1024.jpg 1024w, https:\/\/atelierantoinebataille.fr\/wp-content\/uploads\/2025\/04\/3-edited-150x150.jpg 150w, https:\/\/atelierantoinebataille.fr\/wp-content\/uploads\/2025\/04\/3-edited-768x767.jpg 768w, https:\/\/atelierantoinebataille.fr\/wp-content\/uploads\/2025\/04\/3-edited-600x600.jpg 600w\" sizes=\"auto, (max-width: 1526px) 100vw, 1526px\" \/><\/figure>\n<\/div>\n\n\n\n<div class=\"wp-block-column is-layout-flow wp-block-column-is-layout-flow\">\n<figure class=\"wp-block-image size-large\"><img loading=\"lazy\" decoding=\"async\" width=\"1796\" height=\"1796\" src=\"https:\/\/atelierantoinebataille.fr\/wp-content\/uploads\/2025\/04\/4-edited.jpg\" alt=\"\" class=\"wp-image-1095\" srcset=\"https:\/\/atelierantoinebataille.fr\/wp-content\/uploads\/2025\/04\/4-edited.jpg 1796w, https:\/\/atelierantoinebataille.fr\/wp-content\/uploads\/2025\/04\/4-edited-300x300.jpg 300w, https:\/\/atelierantoinebataille.fr\/wp-content\/uploads\/2025\/04\/4-edited-1024x1024.jpg 1024w, https:\/\/atelierantoinebataille.fr\/wp-content\/uploads\/2025\/04\/4-edited-150x150.jpg 150w, https:\/\/atelierantoinebataille.fr\/wp-content\/uploads\/2025\/04\/4-edited-768x768.jpg 768w, https:\/\/atelierantoinebataille.fr\/wp-content\/uploads\/2025\/04\/4-edited-1536x1536.jpg 1536w, https:\/\/atelierantoinebataille.fr\/wp-content\/uploads\/2025\/04\/4-edited-600x600.jpg 600w\" sizes=\"auto, (max-width: 1796px) 100vw, 1796px\" \/><\/figure>\n<\/div>\n<\/div>\n\n\n\n<p class=\"has-text-align-center has-small-font-size\"><strong>EXPOSITION FLOOR 3 AU CONTINENTAL, GALERIE LUNE, BRUXELLES &#8211; MARS 202<\/strong>5<\/p>\n\n\n\n<div style=\"height:32px\" aria-hidden=\"true\" class=\"wp-block-spacer\"><\/div>\n\n\n\n<div class=\"wp-block-columns is-layout-flex wp-container-core-columns-is-layout-9d6595d7 wp-block-columns-is-layout-flex\">\n<div class=\"wp-block-column is-layout-flow wp-block-column-is-layout-flow\">\n<figure class=\"wp-block-image size-large\"><img loading=\"lazy\" decoding=\"async\" width=\"1015\" height=\"1024\" src=\"https:\/\/atelierantoinebataille.fr\/wp-content\/uploads\/2025\/04\/1.COPROD-1015x1024.jpg\" alt=\"\" class=\"wp-image-1080\" srcset=\"https:\/\/atelierantoinebataille.fr\/wp-content\/uploads\/2025\/04\/1.COPROD-1015x1024.jpg 1015w, https:\/\/atelierantoinebataille.fr\/wp-content\/uploads\/2025\/04\/1.COPROD-297x300.jpg 297w, https:\/\/atelierantoinebataille.fr\/wp-content\/uploads\/2025\/04\/1.COPROD-150x150.jpg 150w, https:\/\/atelierantoinebataille.fr\/wp-content\/uploads\/2025\/04\/1.COPROD-768x775.jpg 768w, https:\/\/atelierantoinebataille.fr\/wp-content\/uploads\/2025\/04\/1.COPROD-1522x1536.jpg 1522w, https:\/\/atelierantoinebataille.fr\/wp-content\/uploads\/2025\/04\/1.COPROD-2030x2048.jpg 2030w\" sizes=\"auto, (max-width: 1015px) 100vw, 1015px\" \/><\/figure>\n<\/div>\n\n\n\n<div class=\"wp-block-column is-layout-flow wp-block-column-is-layout-flow\">\n<figure class=\"wp-block-image size-large\"><img loading=\"lazy\" decoding=\"async\" width=\"1015\" height=\"1024\" src=\"https:\/\/atelierantoinebataille.fr\/wp-content\/uploads\/2025\/04\/2.MOI_-1015x1024.jpg\" alt=\"\" class=\"wp-image-1082\" srcset=\"https:\/\/atelierantoinebataille.fr\/wp-content\/uploads\/2025\/04\/2.MOI_-1015x1024.jpg 1015w, https:\/\/atelierantoinebataille.fr\/wp-content\/uploads\/2025\/04\/2.MOI_-297x300.jpg 297w, https:\/\/atelierantoinebataille.fr\/wp-content\/uploads\/2025\/04\/2.MOI_-150x150.jpg 150w, https:\/\/atelierantoinebataille.fr\/wp-content\/uploads\/2025\/04\/2.MOI_-768x775.jpg 768w, https:\/\/atelierantoinebataille.fr\/wp-content\/uploads\/2025\/04\/2.MOI_-1522x1536.jpg 1522w, https:\/\/atelierantoinebataille.fr\/wp-content\/uploads\/2025\/04\/2.MOI_-2030x2048.jpg 2030w\" sizes=\"auto, (max-width: 1015px) 100vw, 1015px\" \/><\/figure>\n<\/div>\n<\/div>\n\n\n\n<p class=\"has-text-align-center has-small-font-size\"><strong>PARTICIPATION AU HUBLOT D&rsquo;IVRY EN COMPAGNIE DE <a href=\"https:\/\/www.cassandrelepicard.com\/\">CASSANDRE LEPICARD<\/a> &#8211; DECEMBRE 202<\/strong>4<\/p>\n\n\n\n<div style=\"height:32px\" aria-hidden=\"true\" class=\"wp-block-spacer\"><\/div>\n\n\n\n<figure class=\"wp-block-image size-large\"><img loading=\"lazy\" decoding=\"async\" width=\"1024\" height=\"576\" src=\"https:\/\/atelierantoinebataille.fr\/wp-content\/uploads\/2024\/12\/PH-0-edited-1024x576.jpg\" alt=\"\" class=\"wp-image-990\" srcset=\"https:\/\/atelierantoinebataille.fr\/wp-content\/uploads\/2024\/12\/PH-0-edited-1024x576.jpg 1024w, https:\/\/atelierantoinebataille.fr\/wp-content\/uploads\/2024\/12\/PH-0-edited-300x169.jpg 300w, https:\/\/atelierantoinebataille.fr\/wp-content\/uploads\/2024\/12\/PH-0-edited-768x432.jpg 768w, https:\/\/atelierantoinebataille.fr\/wp-content\/uploads\/2024\/12\/PH-0-edited-1536x864.jpg 1536w, https:\/\/atelierantoinebataille.fr\/wp-content\/uploads\/2024\/12\/PH-0-edited-800x450.jpg 800w, https:\/\/atelierantoinebataille.fr\/wp-content\/uploads\/2024\/12\/PH-0-edited.jpg 1742w\" sizes=\"auto, (max-width: 1024px) 100vw, 1024px\" \/><\/figure>\n\n\n\n<figure class=\"wp-block-image size-large\"><img loading=\"lazy\" decoding=\"async\" width=\"1024\" height=\"576\" src=\"https:\/\/atelierantoinebataille.fr\/wp-content\/uploads\/2024\/12\/PH2-edited-1024x576.jpg\" alt=\"\" class=\"wp-image-988\" srcset=\"https:\/\/atelierantoinebataille.fr\/wp-content\/uploads\/2024\/12\/PH2-edited-1024x576.jpg 1024w, https:\/\/atelierantoinebataille.fr\/wp-content\/uploads\/2024\/12\/PH2-edited-300x169.jpg 300w, https:\/\/atelierantoinebataille.fr\/wp-content\/uploads\/2024\/12\/PH2-edited-768x432.jpg 768w, https:\/\/atelierantoinebataille.fr\/wp-content\/uploads\/2024\/12\/PH2-edited-1536x864.jpg 1536w, https:\/\/atelierantoinebataille.fr\/wp-content\/uploads\/2024\/12\/PH2-edited-800x450.jpg 800w, https:\/\/atelierantoinebataille.fr\/wp-content\/uploads\/2024\/12\/PH2-edited.jpg 1742w\" sizes=\"auto, (max-width: 1024px) 100vw, 1024px\" \/><\/figure>\n\n\n\n<p class=\"has-text-align-center has-small-font-size\"><strong>EXPOSITION ESPACE NONONO, TOUR ORION, MONTREUIL &#8211; NOVEMBRE 2024<\/strong><\/p>\n\n\n\n<div style=\"height:32px\" aria-hidden=\"true\" class=\"wp-block-spacer\"><\/div>\n\n\n\n<figure class=\"wp-block-image size-large\"><img loading=\"lazy\" decoding=\"async\" width=\"1024\" height=\"576\" src=\"https:\/\/atelierantoinebataille.fr\/wp-content\/uploads\/2024\/12\/IMG_20241119_090055-edited-1024x576.jpg\" alt=\"\" class=\"wp-image-984\" srcset=\"https:\/\/atelierantoinebataille.fr\/wp-content\/uploads\/2024\/12\/IMG_20241119_090055-edited-1024x576.jpg 1024w, https:\/\/atelierantoinebataille.fr\/wp-content\/uploads\/2024\/12\/IMG_20241119_090055-edited-300x169.jpg 300w, https:\/\/atelierantoinebataille.fr\/wp-content\/uploads\/2024\/12\/IMG_20241119_090055-edited-768x432.jpg 768w, https:\/\/atelierantoinebataille.fr\/wp-content\/uploads\/2024\/12\/IMG_20241119_090055-edited-1536x864.jpg 1536w, https:\/\/atelierantoinebataille.fr\/wp-content\/uploads\/2024\/12\/IMG_20241119_090055-edited-2048x1152.jpg 2048w, https:\/\/atelierantoinebataille.fr\/wp-content\/uploads\/2024\/12\/IMG_20241119_090055-edited-800x450.jpg 800w\" sizes=\"auto, (max-width: 1024px) 100vw, 1024px\" \/><\/figure>\n\n\n\n<figure class=\"wp-block-image size-large\"><img loading=\"lazy\" decoding=\"async\" width=\"1024\" height=\"576\" src=\"https:\/\/atelierantoinebataille.fr\/wp-content\/uploads\/2024\/12\/IMG_20241119_083558-1024x576.jpg\" alt=\"\" class=\"wp-image-982\" srcset=\"https:\/\/atelierantoinebataille.fr\/wp-content\/uploads\/2024\/12\/IMG_20241119_083558-1024x576.jpg 1024w, https:\/\/atelierantoinebataille.fr\/wp-content\/uploads\/2024\/12\/IMG_20241119_083558-300x169.jpg 300w, https:\/\/atelierantoinebataille.fr\/wp-content\/uploads\/2024\/12\/IMG_20241119_083558-768x432.jpg 768w, https:\/\/atelierantoinebataille.fr\/wp-content\/uploads\/2024\/12\/IMG_20241119_083558-1536x864.jpg 1536w, https:\/\/atelierantoinebataille.fr\/wp-content\/uploads\/2024\/12\/IMG_20241119_083558-2048x1153.jpg 2048w, https:\/\/atelierantoinebataille.fr\/wp-content\/uploads\/2024\/12\/IMG_20241119_083558-800x450.jpg 800w\" sizes=\"auto, (max-width: 1024px) 100vw, 1024px\" \/><\/figure>\n\n\n\n<p class=\"has-text-align-center has-small-font-size\"><strong>SALON DU CARNET DE VOYAGE, CLERMONT-FERRAND &#8211; NOVEMBRE 2024<\/strong><\/p>\n\n\n\n<div style=\"height:32px\" aria-hidden=\"true\" class=\"wp-block-spacer\"><\/div>\n\n\n\n<figure class=\"wp-block-image size-large\"><img loading=\"lazy\" decoding=\"async\" width=\"1024\" height=\"576\" src=\"https:\/\/atelierantoinebataille.fr\/wp-content\/uploads\/2024\/12\/IMG_20241119_091723-edited-1-1024x576.jpg\" alt=\"\" class=\"wp-image-978\" srcset=\"https:\/\/atelierantoinebataille.fr\/wp-content\/uploads\/2024\/12\/IMG_20241119_091723-edited-1-1024x576.jpg 1024w, https:\/\/atelierantoinebataille.fr\/wp-content\/uploads\/2024\/12\/IMG_20241119_091723-edited-1-300x169.jpg 300w, https:\/\/atelierantoinebataille.fr\/wp-content\/uploads\/2024\/12\/IMG_20241119_091723-edited-1-768x432.jpg 768w, https:\/\/atelierantoinebataille.fr\/wp-content\/uploads\/2024\/12\/IMG_20241119_091723-edited-1-1536x864.jpg 1536w, https:\/\/atelierantoinebataille.fr\/wp-content\/uploads\/2024\/12\/IMG_20241119_091723-edited-1-2048x1152.jpg 2048w, https:\/\/atelierantoinebataille.fr\/wp-content\/uploads\/2024\/12\/IMG_20241119_091723-edited-1-800x450.jpg 800w\" sizes=\"auto, (max-width: 1024px) 100vw, 1024px\" \/><\/figure>\n\n\n\n<figure class=\"wp-block-image size-large\"><img loading=\"lazy\" decoding=\"async\" width=\"1024\" height=\"576\" src=\"https:\/\/atelierantoinebataille.fr\/wp-content\/uploads\/2024\/12\/IMG_20241111_110033-1024x576.jpg\" alt=\"\" class=\"wp-image-975\" srcset=\"https:\/\/atelierantoinebataille.fr\/wp-content\/uploads\/2024\/12\/IMG_20241111_110033-1024x576.jpg 1024w, https:\/\/atelierantoinebataille.fr\/wp-content\/uploads\/2024\/12\/IMG_20241111_110033-300x169.jpg 300w, https:\/\/atelierantoinebataille.fr\/wp-content\/uploads\/2024\/12\/IMG_20241111_110033-768x432.jpg 768w, https:\/\/atelierantoinebataille.fr\/wp-content\/uploads\/2024\/12\/IMG_20241111_110033-1536x864.jpg 1536w, https:\/\/atelierantoinebataille.fr\/wp-content\/uploads\/2024\/12\/IMG_20241111_110033-2048x1152.jpg 2048w, https:\/\/atelierantoinebataille.fr\/wp-content\/uploads\/2024\/12\/IMG_20241111_110033-800x450.jpg 800w\" sizes=\"auto, (max-width: 1024px) 100vw, 1024px\" \/><\/figure>\n\n\n\n<p class=\"has-text-align-center has-small-font-size\"><strong>EXPOSITION COLLECTIVE SORTIE DE RESIDENCE NGT, LIGURIE (ITALIE) &#8211; OCTOBRE 2024<\/strong><\/p>\n\n\n\n<div style=\"height:32px\" aria-hidden=\"true\" class=\"wp-block-spacer\"><\/div>\n\n\n\n<figure class=\"wp-block-image size-large\"><img loading=\"lazy\" decoding=\"async\" width=\"1024\" height=\"576\" src=\"https:\/\/atelierantoinebataille.fr\/wp-content\/uploads\/2024\/06\/IMG_20240620_171602-1024x576.jpg\" alt=\"\" class=\"wp-image-911\" srcset=\"https:\/\/atelierantoinebataille.fr\/wp-content\/uploads\/2024\/06\/IMG_20240620_171602-1024x576.jpg 1024w, https:\/\/atelierantoinebataille.fr\/wp-content\/uploads\/2024\/06\/IMG_20240620_171602-300x169.jpg 300w, https:\/\/atelierantoinebataille.fr\/wp-content\/uploads\/2024\/06\/IMG_20240620_171602-768x432.jpg 768w, https:\/\/atelierantoinebataille.fr\/wp-content\/uploads\/2024\/06\/IMG_20240620_171602-1536x864.jpg 1536w, https:\/\/atelierantoinebataille.fr\/wp-content\/uploads\/2024\/06\/IMG_20240620_171602-2048x1152.jpg 2048w, https:\/\/atelierantoinebataille.fr\/wp-content\/uploads\/2024\/06\/IMG_20240620_171602-800x450.jpg 800w\" sizes=\"auto, (max-width: 1024px) 100vw, 1024px\" \/><\/figure>\n\n\n\n<figure class=\"wp-block-image size-large\"><img loading=\"lazy\" decoding=\"async\" width=\"1024\" height=\"576\" src=\"https:\/\/atelierantoinebataille.fr\/wp-content\/uploads\/2024\/06\/EXPO-AKIE-2-1-1024x576.jpg\" alt=\"\" class=\"wp-image-915\" srcset=\"https:\/\/atelierantoinebataille.fr\/wp-content\/uploads\/2024\/06\/EXPO-AKIE-2-1-1024x576.jpg 1024w, https:\/\/atelierantoinebataille.fr\/wp-content\/uploads\/2024\/06\/EXPO-AKIE-2-1-300x169.jpg 300w, https:\/\/atelierantoinebataille.fr\/wp-content\/uploads\/2024\/06\/EXPO-AKIE-2-1-768x432.jpg 768w, https:\/\/atelierantoinebataille.fr\/wp-content\/uploads\/2024\/06\/EXPO-AKIE-2-1-1536x864.jpg 1536w, https:\/\/atelierantoinebataille.fr\/wp-content\/uploads\/2024\/06\/EXPO-AKIE-2-1-2048x1152.jpg 2048w, https:\/\/atelierantoinebataille.fr\/wp-content\/uploads\/2024\/06\/EXPO-AKIE-2-1-800x450.jpg 800w\" sizes=\"auto, (max-width: 1024px) 100vw, 1024px\" \/><\/figure>\n\n\n\n<figure class=\"wp-block-image size-large\"><img loading=\"lazy\" decoding=\"async\" width=\"1024\" height=\"355\" src=\"https:\/\/atelierantoinebataille.fr\/wp-content\/uploads\/2024\/06\/MEP-CARTON-1024x355.jpg\" alt=\"\" class=\"wp-image-925\" srcset=\"https:\/\/atelierantoinebataille.fr\/wp-content\/uploads\/2024\/06\/MEP-CARTON-1024x355.jpg 1024w, https:\/\/atelierantoinebataille.fr\/wp-content\/uploads\/2024\/06\/MEP-CARTON-300x104.jpg 300w, https:\/\/atelierantoinebataille.fr\/wp-content\/uploads\/2024\/06\/MEP-CARTON-768x266.jpg 768w, https:\/\/atelierantoinebataille.fr\/wp-content\/uploads\/2024\/06\/MEP-CARTON-1536x532.jpg 1536w, https:\/\/atelierantoinebataille.fr\/wp-content\/uploads\/2024\/06\/MEP-CARTON-2048x710.jpg 2048w\" sizes=\"auto, (max-width: 1024px) 100vw, 1024px\" \/><\/figure>\n\n\n\n<p class=\"has-text-align-center has-small-font-size\"><strong>EXPOSITION COLLECTIVE GALERIE AKIE ARICHI &#8211; JUIN-JUILLET 2024<\/strong><\/p>\n\n\n\n<div style=\"height:32px\" aria-hidden=\"true\" class=\"wp-block-spacer\"><\/div>\n\n\n<div class=\"wp-block-image\">\n<figure class=\"aligncenter size-large is-resized\"><img loading=\"lazy\" decoding=\"async\" width=\"1024\" height=\"891\" src=\"http:\/\/atelierantoinebataille.fr\/wp-content\/uploads\/2024\/06\/MARCHE-DE-LA-POESIE-1024x891.jpg\" alt=\"\" class=\"wp-image-950\" style=\"width:554px;height:auto\" srcset=\"https:\/\/atelierantoinebataille.fr\/wp-content\/uploads\/2024\/06\/MARCHE-DE-LA-POESIE-1024x891.jpg 1024w, https:\/\/atelierantoinebataille.fr\/wp-content\/uploads\/2024\/06\/MARCHE-DE-LA-POESIE-300x261.jpg 300w, https:\/\/atelierantoinebataille.fr\/wp-content\/uploads\/2024\/06\/MARCHE-DE-LA-POESIE-768x669.jpg 768w, https:\/\/atelierantoinebataille.fr\/wp-content\/uploads\/2024\/06\/MARCHE-DE-LA-POESIE-1536x1337.jpg 1536w, https:\/\/atelierantoinebataille.fr\/wp-content\/uploads\/2024\/06\/MARCHE-DE-LA-POESIE-2048x1783.jpg 2048w\" sizes=\"auto, (max-width: 1024px) 100vw, 1024px\" \/><\/figure>\n<\/div>\n\n\n<p class=\"has-text-align-center has-small-font-size\"><strong>MARCHE DE LA POESIE STAND GALERIE ARICHI (421) &#8211; JUIN 2024<\/strong><\/p>\n\n\n\n<div style=\"height:32px\" aria-hidden=\"true\" class=\"wp-block-spacer\"><\/div>\n\n\n<div class=\"wp-block-image\">\n<figure class=\"aligncenter size-large is-resized\"><img loading=\"lazy\" decoding=\"async\" width=\"1024\" height=\"576\" src=\"http:\/\/atelierantoinebataille.fr\/wp-content\/uploads\/2023\/10\/1-1024x576.jpg\" alt=\"\" class=\"wp-image-895\" style=\"aspect-ratio:2.23859649122807;width:799px;height:auto\" srcset=\"https:\/\/atelierantoinebataille.fr\/wp-content\/uploads\/2023\/10\/1-1024x576.jpg 1024w, https:\/\/atelierantoinebataille.fr\/wp-content\/uploads\/2023\/10\/1-300x169.jpg 300w, https:\/\/atelierantoinebataille.fr\/wp-content\/uploads\/2023\/10\/1-768x432.jpg 768w, https:\/\/atelierantoinebataille.fr\/wp-content\/uploads\/2023\/10\/1-1536x864.jpg 1536w, https:\/\/atelierantoinebataille.fr\/wp-content\/uploads\/2023\/10\/1-2048x1152.jpg 2048w, https:\/\/atelierantoinebataille.fr\/wp-content\/uploads\/2023\/10\/1-800x450.jpg 800w\" sizes=\"auto, (max-width: 1024px) 100vw, 1024px\" \/><\/figure>\n<\/div>\n\n<div class=\"wp-block-image\">\n<figure class=\"aligncenter size-large is-resized\"><img loading=\"lazy\" decoding=\"async\" width=\"1024\" height=\"576\" src=\"http:\/\/atelierantoinebataille.fr\/wp-content\/uploads\/2023\/10\/2-1024x576.jpg\" alt=\"\" class=\"wp-image-896\" style=\"aspect-ratio:2.23859649122807;width:805px;height:auto\" srcset=\"https:\/\/atelierantoinebataille.fr\/wp-content\/uploads\/2023\/10\/2-1024x576.jpg 1024w, https:\/\/atelierantoinebataille.fr\/wp-content\/uploads\/2023\/10\/2-300x169.jpg 300w, https:\/\/atelierantoinebataille.fr\/wp-content\/uploads\/2023\/10\/2-768x432.jpg 768w, https:\/\/atelierantoinebataille.fr\/wp-content\/uploads\/2023\/10\/2-1536x864.jpg 1536w, https:\/\/atelierantoinebataille.fr\/wp-content\/uploads\/2023\/10\/2-2048x1152.jpg 2048w, https:\/\/atelierantoinebataille.fr\/wp-content\/uploads\/2023\/10\/2-800x450.jpg 800w\" sizes=\"auto, (max-width: 1024px) 100vw, 1024px\" \/><\/figure>\n<\/div>\n\n\n<p class=\"has-text-align-center has-small-font-size\"><strong>PARTICIPATION AU PARCOURS DE L&rsquo;ART &#8211; AVIGNON &#8211; OCTOBRE 2023 <\/strong><\/p>\n\n\n\n<div style=\"height:32px\" aria-hidden=\"true\" class=\"wp-block-spacer\"><\/div>\n\n\n<div class=\"wp-block-image\">\n<figure class=\"aligncenter size-large\"><a href=\"https:\/\/www.parcoursdelart.com\/edition-23\"><img loading=\"lazy\" decoding=\"async\" width=\"1024\" height=\"115\" src=\"http:\/\/atelierantoinebataille.fr\/wp-content\/uploads\/2023\/06\/Capture-zdzd-1024x115.jpg\" alt=\"\" class=\"wp-image-688\" srcset=\"https:\/\/atelierantoinebataille.fr\/wp-content\/uploads\/2023\/06\/Capture-zdzd-1024x115.jpg 1024w, https:\/\/atelierantoinebataille.fr\/wp-content\/uploads\/2023\/06\/Capture-zdzd-300x34.jpg 300w, https:\/\/atelierantoinebataille.fr\/wp-content\/uploads\/2023\/06\/Capture-zdzd-768x86.jpg 768w, https:\/\/atelierantoinebataille.fr\/wp-content\/uploads\/2023\/06\/Capture-zdzd-1536x172.jpg 1536w, https:\/\/atelierantoinebataille.fr\/wp-content\/uploads\/2023\/06\/Capture-zdzd-2048x229.jpg 2048w\" sizes=\"auto, (max-width: 1024px) 100vw, 1024px\" \/><\/a><\/figure>\n<\/div>\n\n<div class=\"wp-block-image\">\n<figure class=\"aligncenter size-large is-resized\"><a href=\"https:\/\/www.parcoursdelart.com\/edition-23\"><img loading=\"lazy\" decoding=\"async\" width=\"1024\" height=\"458\" src=\"http:\/\/atelierantoinebataille.fr\/wp-content\/uploads\/2023\/06\/PAROURS-DE-LART-1024x458.jpg\" alt=\"\" class=\"wp-image-681\" style=\"width:638px;height:285px\" srcset=\"https:\/\/atelierantoinebataille.fr\/wp-content\/uploads\/2023\/06\/PAROURS-DE-LART-1024x458.jpg 1024w, https:\/\/atelierantoinebataille.fr\/wp-content\/uploads\/2023\/06\/PAROURS-DE-LART-300x134.jpg 300w, https:\/\/atelierantoinebataille.fr\/wp-content\/uploads\/2023\/06\/PAROURS-DE-LART-768x344.jpg 768w, https:\/\/atelierantoinebataille.fr\/wp-content\/uploads\/2023\/06\/PAROURS-DE-LART-1536x688.jpg 1536w, https:\/\/atelierantoinebataille.fr\/wp-content\/uploads\/2023\/06\/PAROURS-DE-LART-2048x917.jpg 2048w\" sizes=\"auto, (max-width: 1024px) 100vw, 1024px\" \/><\/a><\/figure>\n<\/div>\n\n\n<div style=\"height:32px\" aria-hidden=\"true\" class=\"wp-block-spacer\"><\/div>\n\n\n<div class=\"wp-block-image\">\n<figure class=\"aligncenter size-large is-resized\"><img loading=\"lazy\" decoding=\"async\" width=\"724\" height=\"1024\" src=\"http:\/\/atelierantoinebataille.fr\/wp-content\/uploads\/2023\/09\/Parcoursdelart29-001-724x1024.jpg\" alt=\"\" class=\"wp-image-776\" style=\"width:566px;height:801px\" srcset=\"https:\/\/atelierantoinebataille.fr\/wp-content\/uploads\/2023\/09\/Parcoursdelart29-001-724x1024.jpg 724w, https:\/\/atelierantoinebataille.fr\/wp-content\/uploads\/2023\/09\/Parcoursdelart29-001-212x300.jpg 212w, https:\/\/atelierantoinebataille.fr\/wp-content\/uploads\/2023\/09\/Parcoursdelart29-001-768x1087.jpg 768w, https:\/\/atelierantoinebataille.fr\/wp-content\/uploads\/2023\/09\/Parcoursdelart29-001-1085x1536.jpg 1085w, https:\/\/atelierantoinebataille.fr\/wp-content\/uploads\/2023\/09\/Parcoursdelart29-001.jpg 1190w\" sizes=\"auto, (max-width: 724px) 100vw, 724px\" \/><\/figure>\n<\/div>\n\n\n<div style=\"height:32px\" aria-hidden=\"true\" class=\"wp-block-spacer\"><\/div>\n\n\n\n<p class=\"has-text-align-center has-medium-font-size\">&#8211; <strong>VERNISSAGE LE 7 OCTOBRE 18h \u00e0 L&rsquo;EGLISE DES CELESTINS <\/strong>&#8211;<\/p>\n\n\n\n<div style=\"height:37px\" aria-hidden=\"true\" class=\"wp-block-spacer\"><\/div>\n\n\n\n<hr class=\"wp-block-separator has-alpha-channel-opacity is-style-wide\"\/>\n\n\n\n<div style=\"height:52px\" aria-hidden=\"true\" class=\"wp-block-spacer\"><\/div>\n\n\n\n<p class=\"has-text-align-center has-small-font-size\"><strong>EXPOSITION COLLECTIVE GALERIE AKIE ARICHI &#8211; JUILLET 2023<\/strong><\/p>\n\n\n\n<div style=\"height:32px\" aria-hidden=\"true\" class=\"wp-block-spacer\"><\/div>\n\n\n\n<div class=\"wp-block-columns is-layout-flex wp-container-core-columns-is-layout-9d6595d7 wp-block-columns-is-layout-flex\">\n<div class=\"wp-block-column is-layout-flow wp-block-column-is-layout-flow\">\n<figure class=\"wp-block-image size-large is-resized\"><img loading=\"lazy\" decoding=\"async\" width=\"1024\" height=\"722\" src=\"http:\/\/atelierantoinebataille.fr\/wp-content\/uploads\/2023\/06\/carton-3-artistes-dete-jpeg-1024x722.jpg\" alt=\"\" class=\"wp-image-678\" style=\"aspect-ratio:1.4177215189873418;width:425px;height:auto\" srcset=\"https:\/\/atelierantoinebataille.fr\/wp-content\/uploads\/2023\/06\/carton-3-artistes-dete-jpeg-1024x722.jpg 1024w, https:\/\/atelierantoinebataille.fr\/wp-content\/uploads\/2023\/06\/carton-3-artistes-dete-jpeg-300x211.jpg 300w, https:\/\/atelierantoinebataille.fr\/wp-content\/uploads\/2023\/06\/carton-3-artistes-dete-jpeg-768x541.jpg 768w, https:\/\/atelierantoinebataille.fr\/wp-content\/uploads\/2023\/06\/carton-3-artistes-dete-jpeg.jpg 1240w\" sizes=\"auto, (max-width: 1024px) 100vw, 1024px\" \/><\/figure>\n<\/div>\n\n\n\n<div class=\"wp-block-column is-layout-flow wp-block-column-is-layout-flow\">\n<figure class=\"wp-block-image size-large is-resized\"><img loading=\"lazy\" decoding=\"async\" width=\"1024\" height=\"722\" src=\"http:\/\/atelierantoinebataille.fr\/wp-content\/uploads\/2023\/06\/carton-3-artistes-dete-jpeg2-1024x722.jpg\" alt=\"\" class=\"wp-image-680\" style=\"aspect-ratio:1.4177215189873418;width:421px;height:auto\" srcset=\"https:\/\/atelierantoinebataille.fr\/wp-content\/uploads\/2023\/06\/carton-3-artistes-dete-jpeg2-1024x722.jpg 1024w, https:\/\/atelierantoinebataille.fr\/wp-content\/uploads\/2023\/06\/carton-3-artistes-dete-jpeg2-300x211.jpg 300w, https:\/\/atelierantoinebataille.fr\/wp-content\/uploads\/2023\/06\/carton-3-artistes-dete-jpeg2-768x541.jpg 768w, https:\/\/atelierantoinebataille.fr\/wp-content\/uploads\/2023\/06\/carton-3-artistes-dete-jpeg2.jpg 1240w\" sizes=\"auto, (max-width: 1024px) 100vw, 1024px\" \/><\/figure>\n<\/div>\n<\/div>\n\n\n\n<figure class=\"wp-block-image size-large is-resized\"><img loading=\"lazy\" decoding=\"async\" width=\"1024\" height=\"943\" src=\"http:\/\/atelierantoinebataille.fr\/wp-content\/uploads\/2023\/09\/EXPO-GALERIE-ESPACE-2-001-1024x943.jpg\" alt=\"\" class=\"wp-image-870\" style=\"aspect-ratio:1.085896076352068;width:876px;height:auto\" srcset=\"https:\/\/atelierantoinebataille.fr\/wp-content\/uploads\/2023\/09\/EXPO-GALERIE-ESPACE-2-001-1024x943.jpg 1024w, https:\/\/atelierantoinebataille.fr\/wp-content\/uploads\/2023\/09\/EXPO-GALERIE-ESPACE-2-001-300x276.jpg 300w, https:\/\/atelierantoinebataille.fr\/wp-content\/uploads\/2023\/09\/EXPO-GALERIE-ESPACE-2-001-768x707.jpg 768w, https:\/\/atelierantoinebataille.fr\/wp-content\/uploads\/2023\/09\/EXPO-GALERIE-ESPACE-2-001-1536x1414.jpg 1536w, https:\/\/atelierantoinebataille.fr\/wp-content\/uploads\/2023\/09\/EXPO-GALERIE-ESPACE-2-001.jpg 1684w\" sizes=\"auto, (max-width: 1024px) 100vw, 1024px\" \/><\/figure>\n\n\n\n<div style=\"height:53px\" aria-hidden=\"true\" class=\"wp-block-spacer\"><\/div>\n\n\n\n<hr class=\"wp-block-separator has-alpha-channel-opacity is-style-wide\"\/>\n\n\n\n<div style=\"height:89px\" aria-hidden=\"true\" class=\"wp-block-spacer\"><\/div>\n\n\n\n<div class=\"wp-block-group has-medium-font-size\"><div class=\"wp-block-group__inner-container is-layout-constrained wp-block-group-is-layout-constrained\">\n<hr class=\"wp-block-separator has-alpha-channel-opacity is-style-dots\"\/>\n<\/div><\/div>\n\n\n\n<p class=\"has-drop-cap\" style=\"font-size:15px\">C\u2019est laisser d\u00e9g\u00e9n\u00e9rer les choses qui produit leur splendeur. La beaut\u00e9 dans la nature serait un \u00e9tat \u00e9ph\u00e9m\u00e8re qu\u2019il faudrait capter par tous les moyens externes \u00e0 la substance elle-m\u00eame (le regard, la pens\u00e9e, l\u2019art\u2026) sans chercher \u00e0 la conserver ou \u00e0 la maintenir. La beaut\u00e9 naturelle serait \u00e9ph\u00e9m\u00e8re comme une vaguelette.<\/p>\n\n\n\n<div style=\"height:100px\" aria-hidden=\"true\" class=\"wp-block-spacer\"><\/div>\n\n\n\n<div class=\"wp-block-columns is-layout-flex wp-container-core-columns-is-layout-9d6595d7 wp-block-columns-is-layout-flex\">\n<div class=\"wp-block-column is-layout-flow wp-block-column-is-layout-flow\">\n<div class=\"wp-block-columns is-layout-flex wp-container-core-columns-is-layout-9d6595d7 wp-block-columns-is-layout-flex\">\n<div class=\"wp-block-column is-layout-flow wp-block-column-is-layout-flow\">\n<div class=\"wp-block-cover is-light\" style=\"min-height:200px;aspect-ratio:unset;\"><img loading=\"lazy\" decoding=\"async\" width=\"2481\" height=\"2481\" class=\"wp-block-cover__image-background wp-image-519\" alt=\"\" src=\"http:\/\/atelierantoinebataille.fr\/wp-content\/uploads\/2022\/12\/Les-dessins.jpg\" data-object-fit=\"cover\" srcset=\"https:\/\/atelierantoinebataille.fr\/wp-content\/uploads\/2022\/12\/Les-dessins.jpg 2481w, https:\/\/atelierantoinebataille.fr\/wp-content\/uploads\/2022\/12\/Les-dessins-300x300.jpg 300w, https:\/\/atelierantoinebataille.fr\/wp-content\/uploads\/2022\/12\/Les-dessins-1024x1024.jpg 1024w, https:\/\/atelierantoinebataille.fr\/wp-content\/uploads\/2022\/12\/Les-dessins-150x150.jpg 150w, https:\/\/atelierantoinebataille.fr\/wp-content\/uploads\/2022\/12\/Les-dessins-768x768.jpg 768w, https:\/\/atelierantoinebataille.fr\/wp-content\/uploads\/2022\/12\/Les-dessins-1536x1536.jpg 1536w, https:\/\/atelierantoinebataille.fr\/wp-content\/uploads\/2022\/12\/Les-dessins-2048x2048.jpg 2048w, https:\/\/atelierantoinebataille.fr\/wp-content\/uploads\/2022\/12\/Les-dessins-600x600.jpg 600w\" sizes=\"auto, (max-width: 2481px) 100vw, 2481px\" \/><span aria-hidden=\"true\" class=\"wp-block-cover__background has-white-background-color has-background-dim-60 has-background-dim\"><\/span><div class=\"wp-block-cover__inner-container is-layout-flow wp-block-cover-is-layout-flow\">\n<h2 class=\"wp-block-heading has-text-align-center has-medium-font-size\" style=\"letter-spacing:3px\"><a href=\"http:\/\/atelierantoinebataille.fr\/index.php\/bienvenue\/les-dessins\/\">Les dessins<\/a><\/h2>\n<\/div><\/div>\n<\/div>\n\n\n\n<div class=\"wp-block-column is-layout-flow wp-block-column-is-layout-flow\">\n<div class=\"wp-block-cover is-light\" style=\"min-height:200px;aspect-ratio:unset;\"><img loading=\"lazy\" decoding=\"async\" width=\"2481\" height=\"2481\" class=\"wp-block-cover__image-background wp-image-526\" alt=\"\" src=\"http:\/\/atelierantoinebataille.fr\/wp-content\/uploads\/2022\/12\/Les-leporellos.jpg\" data-object-fit=\"cover\" srcset=\"https:\/\/atelierantoinebataille.fr\/wp-content\/uploads\/2022\/12\/Les-leporellos.jpg 2481w, https:\/\/atelierantoinebataille.fr\/wp-content\/uploads\/2022\/12\/Les-leporellos-300x300.jpg 300w, https:\/\/atelierantoinebataille.fr\/wp-content\/uploads\/2022\/12\/Les-leporellos-1024x1024.jpg 1024w, https:\/\/atelierantoinebataille.fr\/wp-content\/uploads\/2022\/12\/Les-leporellos-150x150.jpg 150w, https:\/\/atelierantoinebataille.fr\/wp-content\/uploads\/2022\/12\/Les-leporellos-768x768.jpg 768w, https:\/\/atelierantoinebataille.fr\/wp-content\/uploads\/2022\/12\/Les-leporellos-1536x1536.jpg 1536w, https:\/\/atelierantoinebataille.fr\/wp-content\/uploads\/2022\/12\/Les-leporellos-2048x2048.jpg 2048w, https:\/\/atelierantoinebataille.fr\/wp-content\/uploads\/2022\/12\/Les-leporellos-600x600.jpg 600w\" sizes=\"auto, (max-width: 2481px) 100vw, 2481px\" \/><span aria-hidden=\"true\" class=\"wp-block-cover__background has-white-background-color has-background-dim-60 has-background-dim\"><\/span><div class=\"wp-block-cover__inner-container is-layout-flow wp-block-cover-is-layout-flow\">\n<h2 class=\"wp-block-heading has-text-align-center has-medium-font-size\" style=\"letter-spacing:3px\"><a href=\"https:\/\/atelierantoinebataille.fr\/index.php\/editions\/lieux-de-passages\/\">\u00c9ditions<\/a><\/h2>\n<\/div><\/div>\n<\/div>\n<\/div>\n<\/div>\n\n\n\n<div class=\"wp-block-column is-layout-flow wp-block-column-is-layout-flow\">\n<div class=\"wp-block-columns is-layout-flex wp-container-core-columns-is-layout-9d6595d7 wp-block-columns-is-layout-flex\">\n<div class=\"wp-block-column is-layout-flow wp-block-column-is-layout-flow\">\n<div class=\"wp-block-cover is-light\" style=\"min-height:200px;aspect-ratio:unset;\"><img loading=\"lazy\" decoding=\"async\" width=\"500\" height=\"500\" class=\"wp-block-cover__image-background wp-image-530\" alt=\"\" src=\"http:\/\/atelierantoinebataille.fr\/wp-content\/uploads\/2022\/12\/La-pensee-e1670753120744.jpg\" style=\"object-position:50% 47%\" data-object-fit=\"cover\" data-object-position=\"50% 47%\" srcset=\"https:\/\/atelierantoinebataille.fr\/wp-content\/uploads\/2022\/12\/La-pensee-e1670753120744.jpg 500w, https:\/\/atelierantoinebataille.fr\/wp-content\/uploads\/2022\/12\/La-pensee-e1670753120744-300x300.jpg 300w, https:\/\/atelierantoinebataille.fr\/wp-content\/uploads\/2022\/12\/La-pensee-e1670753120744-150x150.jpg 150w\" sizes=\"auto, (max-width: 500px) 100vw, 500px\" \/><span aria-hidden=\"true\" class=\"wp-block-cover__background has-white-background-color has-background-dim-60 has-background-dim\"><\/span><div class=\"wp-block-cover__inner-container is-layout-flow wp-block-cover-is-layout-flow\">\n<h2 class=\"wp-block-heading has-text-align-center has-white-color has-text-color has-medium-font-size\" style=\"letter-spacing:3px\"><a href=\"https:\/\/atelierantoinebataille.fr\/index.php\/carnets-sur-le-motif\/\">Carnets sur le motif<\/a><\/h2>\n<\/div><\/div>\n<\/div>\n\n\n\n<div class=\"wp-block-column is-layout-flow wp-block-column-is-layout-flow\">\n<div class=\"wp-block-cover is-light\" style=\"min-height:200px;aspect-ratio:unset;\"><img loading=\"lazy\" decoding=\"async\" width=\"2481\" height=\"2481\" class=\"wp-block-cover__image-background wp-image-525\" alt=\"\" src=\"http:\/\/atelierantoinebataille.fr\/wp-content\/uploads\/2022\/12\/Le-contact.jpg\" data-object-fit=\"cover\" srcset=\"https:\/\/atelierantoinebataille.fr\/wp-content\/uploads\/2022\/12\/Le-contact.jpg 2481w, https:\/\/atelierantoinebataille.fr\/wp-content\/uploads\/2022\/12\/Le-contact-300x300.jpg 300w, https:\/\/atelierantoinebataille.fr\/wp-content\/uploads\/2022\/12\/Le-contact-1024x1024.jpg 1024w, https:\/\/atelierantoinebataille.fr\/wp-content\/uploads\/2022\/12\/Le-contact-150x150.jpg 150w, https:\/\/atelierantoinebataille.fr\/wp-content\/uploads\/2022\/12\/Le-contact-768x768.jpg 768w, https:\/\/atelierantoinebataille.fr\/wp-content\/uploads\/2022\/12\/Le-contact-1536x1536.jpg 1536w, https:\/\/atelierantoinebataille.fr\/wp-content\/uploads\/2022\/12\/Le-contact-2048x2048.jpg 2048w, https:\/\/atelierantoinebataille.fr\/wp-content\/uploads\/2022\/12\/Le-contact-600x600.jpg 600w\" sizes=\"auto, (max-width: 2481px) 100vw, 2481px\" \/><span aria-hidden=\"true\" class=\"wp-block-cover__background has-white-background-color has-background-dim-60 has-background-dim\"><\/span><div class=\"wp-block-cover__inner-container is-layout-flow wp-block-cover-is-layout-flow\">\n<h2 class=\"wp-block-heading has-text-align-center has-white-color has-text-color has-medium-font-size\" style=\"letter-spacing:3px\"><a href=\"http:\/\/atelierantoinebataille.fr\/index.php\/a-propos\/\">\u00c0 propos<\/a><\/h2>\n<\/div><\/div>\n<\/div>\n<\/div>\n<\/div>\n<\/div>\n\n\n\n<div style=\"height:100px\" aria-hidden=\"true\" class=\"wp-block-spacer\"><\/div>\n\n\n\n<p><\/p>\n","protected":false},"excerpt":{"rendered":"<p>Derni\u00e8rement : EXPOSITION DU PRIX PIERRE DAVID-WEILL ACAD\u00c9MIE DES BEAUX-ARTS, PARIS &#8211; MARS-MAI 2026 PUBLICATION DANS LES ARTS DESSINES &#8211; JANV-MARS 2026 PARTICIPATION AUX FESTIVAL D&rsquo;ART CONTEMPORAIN, ESTIVALES, SCEAUX &#8211; JUIN-SEPTEMBRE 2025 EXPOSITION PERSONNELLE GALERIE AKIE ARICHI, PARIS &#8211; JUIN-SEPTEMBRE 2025 MARCH\u00c9 DE LA PO\u00c9SIE, PARIS &#8211; JUIN 2025 EXPOSITION DU PRIX PIERRE DAVID-WEILL ACAD\u00c9MIE [&hellip;]<\/p>\n","protected":false},"author":1,"featured_media":0,"parent":0,"menu_order":0,"comment_status":"closed","ping_status":"closed","template":"","meta":{"ocean_post_layout":"","ocean_both_sidebars_style":"","ocean_both_sidebars_content_width":0,"ocean_both_sidebars_sidebars_width":0,"ocean_sidebar":"0","ocean_second_sidebar":"0","ocean_disable_margins":"enable","ocean_add_body_class":"","ocean_shortcode_before_top_bar":"","ocean_shortcode_after_top_bar":"","ocean_shortcode_before_header":"","ocean_shortcode_after_header":"","ocean_has_shortcode":"","ocean_shortcode_after_title":"","ocean_shortcode_before_footer_widgets":"","ocean_shortcode_after_footer_widgets":"","ocean_shortcode_before_footer_bottom":"","ocean_shortcode_after_footer_bottom":"","ocean_display_top_bar":"off","ocean_display_header":"on","ocean_header_style":"","ocean_center_header_left_menu":"0","ocean_custom_header_template":"0","ocean_custom_logo":0,"ocean_custom_retina_logo":0,"ocean_custom_logo_max_width":0,"ocean_custom_logo_tablet_max_width":0,"ocean_custom_logo_mobile_max_width":0,"ocean_custom_logo_max_height":0,"ocean_custom_logo_tablet_max_height":0,"ocean_custom_logo_mobile_max_height":0,"ocean_header_custom_menu":"0","ocean_menu_typo_font_family":"0","ocean_menu_typo_font_subset":"","ocean_menu_typo_font_size":0,"ocean_menu_typo_font_size_tablet":0,"ocean_menu_typo_font_size_mobile":0,"ocean_menu_typo_font_size_unit":"px","ocean_menu_typo_font_weight":"","ocean_menu_typo_font_weight_tablet":"","ocean_menu_typo_font_weight_mobile":"","ocean_menu_typo_transform":"","ocean_menu_typo_transform_tablet":"","ocean_menu_typo_transform_mobile":"","ocean_menu_typo_line_height":0,"ocean_menu_typo_line_height_tablet":0,"ocean_menu_typo_line_height_mobile":0,"ocean_menu_typo_line_height_unit":"","ocean_menu_typo_spacing":0,"ocean_menu_typo_spacing_tablet":0,"ocean_menu_typo_spacing_mobile":0,"ocean_menu_typo_spacing_unit":"","ocean_menu_link_color":"","ocean_menu_link_color_hover":"","ocean_menu_link_color_active":"","ocean_menu_link_background":"","ocean_menu_link_hover_background":"","ocean_menu_link_active_background":"","ocean_menu_social_links_bg":"","ocean_menu_social_hover_links_bg":"","ocean_menu_social_links_color":"","ocean_menu_social_hover_links_color":"","ocean_disable_title":"enable","ocean_disable_heading":"default","ocean_post_title":"","ocean_post_subheading":"","ocean_post_title_style":"","ocean_post_title_background_color":"","ocean_post_title_background":0,"ocean_post_title_bg_image_position":"","ocean_post_title_bg_image_attachment":"","ocean_post_title_bg_image_repeat":"","ocean_post_title_bg_image_size":"","ocean_post_title_height":0,"ocean_post_title_bg_overlay":0.5,"ocean_post_title_bg_overlay_color":"","ocean_disable_breadcrumbs":"default","ocean_breadcrumbs_color":"","ocean_breadcrumbs_separator_color":"","ocean_breadcrumbs_links_color":"","ocean_breadcrumbs_links_hover_color":"","ocean_display_footer_widgets":"default","ocean_display_footer_bottom":"default","ocean_custom_footer_template":"0","footnotes":""},"class_list":["post-149","page","type-page","status-publish","hentry","entry"],"yoast_head":"<!-- This site is optimized with the Yoast SEO plugin v20.8 - https:\/\/yoast.com\/wordpress\/plugins\/seo\/ -->\n<title>Atelier Antoine BATAILLE Antoine Bataille<\/title>\n<meta name=\"description\" content=\"Entre dessins, architecture et vagabondage, une recherche sensible au contact du monde sauvage. Cliquez-ici pour d\u00e9couvrir son travail.\" \/>\n<meta name=\"robots\" content=\"index, follow, max-snippet:-1, max-image-preview:large, max-video-preview:-1\" \/>\n<link rel=\"canonical\" href=\"https:\/\/atelierantoinebataille.fr\/\" \/>\n<meta property=\"og:locale\" content=\"fr_FR\" \/>\n<meta property=\"og:type\" content=\"article\" \/>\n<meta property=\"og:title\" content=\"Atelier Antoine BATAILLE Antoine Bataille\" \/>\n<meta property=\"og:description\" content=\"Entre dessins, architecture et vagabondage, une recherche sensible au contact du monde sauvage. Cliquez-ici pour d\u00e9couvrir son travail.\" \/>\n<meta property=\"og:url\" content=\"https:\/\/atelierantoinebataille.fr\/\" \/>\n<meta property=\"og:site_name\" content=\"Antoine Bataille\" \/>\n<meta property=\"article:modified_time\" content=\"2026-03-29T08:46:17+00:00\" \/>\n<meta property=\"og:image\" content=\"https:\/\/atelierantoinebataille.fr\/wp-content\/uploads\/2025\/12\/CARNET-2-DESSIN-6-729x1024.jpg\" \/>\n<meta name=\"twitter:card\" content=\"summary_large_image\" \/>\n<meta name=\"twitter:label1\" content=\"Dur\u00e9e de lecture estim\u00e9e\" \/>\n\t<meta name=\"twitter:data1\" content=\"10 minutes\" \/>\n<script type=\"application\/ld+json\" class=\"yoast-schema-graph\">{\"@context\":\"https:\/\/schema.org\",\"@graph\":[{\"@type\":\"WebPage\",\"@id\":\"https:\/\/atelierantoinebataille.fr\/\",\"url\":\"https:\/\/atelierantoinebataille.fr\/\",\"name\":\"Atelier Antoine BATAILLE Antoine Bataille\",\"isPartOf\":{\"@id\":\"https:\/\/atelierantoinebataille.fr\/#website\"},\"datePublished\":\"2022-11-21T12:00:15+00:00\",\"dateModified\":\"2026-03-29T08:46:17+00:00\",\"description\":\"Entre dessins, architecture et vagabondage, une recherche sensible au contact du monde sauvage. Cliquez-ici pour d\u00e9couvrir son travail.\",\"inLanguage\":\"fr-FR\",\"potentialAction\":[{\"@type\":\"ReadAction\",\"target\":[\"https:\/\/atelierantoinebataille.fr\/\"]}]},{\"@type\":\"WebSite\",\"@id\":\"https:\/\/atelierantoinebataille.fr\/#website\",\"url\":\"https:\/\/atelierantoinebataille.fr\/\",\"name\":\"Antoine Bataille\",\"description\":\"Le myst\u00e8re demeure dans l&#039;ombre\",\"publisher\":{\"@id\":\"https:\/\/atelierantoinebataille.fr\/#organization\"},\"potentialAction\":[{\"@type\":\"SearchAction\",\"target\":{\"@type\":\"EntryPoint\",\"urlTemplate\":\"https:\/\/atelierantoinebataille.fr\/?s={search_term_string}\"},\"query-input\":\"required name=search_term_string\"}],\"inLanguage\":\"fr-FR\"},{\"@type\":\"Organization\",\"@id\":\"https:\/\/atelierantoinebataille.fr\/#organization\",\"name\":\"Antoine Bataille\",\"url\":\"https:\/\/atelierantoinebataille.fr\/\",\"logo\":{\"@type\":\"ImageObject\",\"inLanguage\":\"fr-FR\",\"@id\":\"https:\/\/atelierantoinebataille.fr\/#\/schema\/logo\/image\/\",\"url\":\"https:\/\/atelierantoinebataille.fr\/wp-content\/uploads\/2023\/09\/cropped-TITRE-SITE-ANTOINE-BATAILLE.jpg\",\"contentUrl\":\"https:\/\/atelierantoinebataille.fr\/wp-content\/uploads\/2023\/09\/cropped-TITRE-SITE-ANTOINE-BATAILLE.jpg\",\"width\":815,\"height\":229,\"caption\":\"Antoine Bataille\"},\"image\":{\"@id\":\"https:\/\/atelierantoinebataille.fr\/#\/schema\/logo\/image\/\"}}]}<\/script>\n<!-- \/ Yoast SEO plugin. -->","yoast_head_json":{"title":"Atelier Antoine BATAILLE Antoine Bataille","description":"Entre dessins, architecture et vagabondage, une recherche sensible au contact du monde sauvage. Cliquez-ici pour d\u00e9couvrir son travail.","robots":{"index":"index","follow":"follow","max-snippet":"max-snippet:-1","max-image-preview":"max-image-preview:large","max-video-preview":"max-video-preview:-1"},"canonical":"https:\/\/atelierantoinebataille.fr\/","og_locale":"fr_FR","og_type":"article","og_title":"Atelier Antoine BATAILLE Antoine Bataille","og_description":"Entre dessins, architecture et vagabondage, une recherche sensible au contact du monde sauvage. Cliquez-ici pour d\u00e9couvrir son travail.","og_url":"https:\/\/atelierantoinebataille.fr\/","og_site_name":"Antoine Bataille","article_modified_time":"2026-03-29T08:46:17+00:00","og_image":[{"url":"https:\/\/atelierantoinebataille.fr\/wp-content\/uploads\/2025\/12\/CARNET-2-DESSIN-6-729x1024.jpg"}],"twitter_card":"summary_large_image","twitter_misc":{"Dur\u00e9e de lecture estim\u00e9e":"10 minutes"},"schema":{"@context":"https:\/\/schema.org","@graph":[{"@type":"WebPage","@id":"https:\/\/atelierantoinebataille.fr\/","url":"https:\/\/atelierantoinebataille.fr\/","name":"Atelier Antoine BATAILLE Antoine Bataille","isPartOf":{"@id":"https:\/\/atelierantoinebataille.fr\/#website"},"datePublished":"2022-11-21T12:00:15+00:00","dateModified":"2026-03-29T08:46:17+00:00","description":"Entre dessins, architecture et vagabondage, une recherche sensible au contact du monde sauvage. Cliquez-ici pour d\u00e9couvrir son travail.","inLanguage":"fr-FR","potentialAction":[{"@type":"ReadAction","target":["https:\/\/atelierantoinebataille.fr\/"]}]},{"@type":"WebSite","@id":"https:\/\/atelierantoinebataille.fr\/#website","url":"https:\/\/atelierantoinebataille.fr\/","name":"Antoine Bataille","description":"Le myst\u00e8re demeure dans l&#039;ombre","publisher":{"@id":"https:\/\/atelierantoinebataille.fr\/#organization"},"potentialAction":[{"@type":"SearchAction","target":{"@type":"EntryPoint","urlTemplate":"https:\/\/atelierantoinebataille.fr\/?s={search_term_string}"},"query-input":"required name=search_term_string"}],"inLanguage":"fr-FR"},{"@type":"Organization","@id":"https:\/\/atelierantoinebataille.fr\/#organization","name":"Antoine Bataille","url":"https:\/\/atelierantoinebataille.fr\/","logo":{"@type":"ImageObject","inLanguage":"fr-FR","@id":"https:\/\/atelierantoinebataille.fr\/#\/schema\/logo\/image\/","url":"https:\/\/atelierantoinebataille.fr\/wp-content\/uploads\/2023\/09\/cropped-TITRE-SITE-ANTOINE-BATAILLE.jpg","contentUrl":"https:\/\/atelierantoinebataille.fr\/wp-content\/uploads\/2023\/09\/cropped-TITRE-SITE-ANTOINE-BATAILLE.jpg","width":815,"height":229,"caption":"Antoine Bataille"},"image":{"@id":"https:\/\/atelierantoinebataille.fr\/#\/schema\/logo\/image\/"}}]}},"_links":{"self":[{"href":"https:\/\/atelierantoinebataille.fr\/index.php\/wp-json\/wp\/v2\/pages\/149","targetHints":{"allow":["GET"]}}],"collection":[{"href":"https:\/\/atelierantoinebataille.fr\/index.php\/wp-json\/wp\/v2\/pages"}],"about":[{"href":"https:\/\/atelierantoinebataille.fr\/index.php\/wp-json\/wp\/v2\/types\/page"}],"author":[{"embeddable":true,"href":"https:\/\/atelierantoinebataille.fr\/index.php\/wp-json\/wp\/v2\/users\/1"}],"replies":[{"embeddable":true,"href":"https:\/\/atelierantoinebataille.fr\/index.php\/wp-json\/wp\/v2\/comments?post=149"}],"version-history":[{"count":181,"href":"https:\/\/atelierantoinebataille.fr\/index.php\/wp-json\/wp\/v2\/pages\/149\/revisions"}],"predecessor-version":[{"id":1472,"href":"https:\/\/atelierantoinebataille.fr\/index.php\/wp-json\/wp\/v2\/pages\/149\/revisions\/1472"}],"wp:attachment":[{"href":"https:\/\/atelierantoinebataille.fr\/index.php\/wp-json\/wp\/v2\/media?parent=149"}],"curies":[{"name":"wp","href":"https:\/\/api.w.org\/{rel}","templated":true}]}}